{"id":3896,"date":"2025-02-20T01:18:19","date_gmt":"2025-02-20T01:18:19","guid":{"rendered":"https:\/\/wascovilla.pl\/?page_id=3896"},"modified":"2026-08-19T06:48:45","modified_gmt":"2026-08-19T06:48:45","slug":"tage-der-offenen-tur","status":"publish","type":"page","link":"https:\/\/wascovilla.pl\/de\/tage-der-offenen-tur\/","title":{"rendered":"Tag der offenen T\u00fcr | Fertighaus Siemianice | 12.\u201313. September"},"content":{"rendered":"<div data-elementor-type=\"wp-page\" data-elementor-id=\"3896\" class=\"elementor elementor-3896\" data-elementor-post-type=\"page\">\n\t\t\t\t<div class=\"elementor-element elementor-element-44989f0 e-flex e-con-boxed e-con e-parent\" data-id=\"44989f0\" data-element_type=\"container\" data-settings=\"{&quot;jet_parallax_layout_list&quot;:[]}\">\n\t\t\t\t\t<div class=\"e-con-inner\">\n\t\t\t\t<div class=\"elementor-element elementor-element-03fcbfd elementor-widget elementor-widget-image\" data-id=\"03fcbfd\" data-element_type=\"widget\" data-widget_type=\"image.default\">\n\t\t\t\t<div class=\"elementor-widget-container\">\n\t\t\t\t\t\t\t\t\t\t\t\t\t\t\t<img fetchpriority=\"high\" decoding=\"async\" width=\"1024\" height=\"390\" src=\"https:\/\/wascovilla.pl\/wp-content\/uploads\/2026\/08\/Dni-Otwarte-dom-szkieletowy-pomorksie-1024x390.png\" class=\"attachment-large size-large wp-image-5840\" alt=\"Tag der offenen T\u00fcr im Holzrahmenhaus in Pommern\" srcset=\"https:\/\/wascovilla.pl\/wp-content\/uploads\/2026\/08\/Dni-Otwarte-dom-szkieletowy-pomorksie-1024x390.png 1024w, https:\/\/wascovilla.pl\/wp-content\/uploads\/2026\/08\/Dni-Otwarte-dom-szkieletowy-pomorksie-300x114.png 300w, https:\/\/wascovilla.pl\/wp-content\/uploads\/2026\/08\/Dni-Otwarte-dom-szkieletowy-pomorksie-768x292.png 768w, https:\/\/wascovilla.pl\/wp-content\/uploads\/2026\/08\/Dni-Otwarte-dom-szkieletowy-pomorksie-1536x584.png 1536w, https:\/\/wascovilla.pl\/wp-content\/uploads\/2026\/08\/Dni-Otwarte-dom-szkieletowy-pomorksie-18x7.png 18w, https:\/\/wascovilla.pl\/wp-content\/uploads\/2026\/08\/Dni-Otwarte-dom-szkieletowy-pomorksie-600x228.png 600w, https:\/\/wascovilla.pl\/wp-content\/uploads\/2026\/08\/Dni-Otwarte-dom-szkieletowy-pomorksie.png 1640w\" sizes=\"(max-width: 1024px) 100vw, 1024px\" \/>\t\t\t\t\t\t\t\t\t\t\t\t\t\t\t<\/div>\n\t\t\t\t<\/div>\n\t\t\t\t\t<\/div>\n\t\t\t\t<\/div>\n\t\t<div class=\"elementor-element elementor-element-513276e e-flex e-con-boxed e-con e-parent\" data-id=\"513276e\" data-element_type=\"container\" data-settings=\"{&quot;jet_parallax_layout_list&quot;:[]}\">\n\t\t\t\t\t<div class=\"e-con-inner\">\n\t\t<div class=\"elementor-element elementor-element-e249d03 e-con-full e-flex e-con e-child\" data-id=\"e249d03\" data-element_type=\"container\" data-settings=\"{&quot;jet_parallax_layout_list&quot;:[]}\">\n\t\t\t\t<div class=\"elementor-element elementor-element-db351dd elementor-widget elementor-widget-heading\" data-id=\"db351dd\" data-element_type=\"widget\" data-widget_type=\"heading.default\">\n\t\t\t\t<div class=\"elementor-widget-container\">\n\t\t\t\t\t<h2 class=\"elementor-heading-title elementor-size-default\">Tag der offenen T\u00fcr bei WASCOVILLA \u2013 Sehen Sie sich ein Fertighaus in Holzrahmenbauweise live an!<\/h2>\t\t\t\t<\/div>\n\t\t\t\t<\/div>\n\t\t\t\t<div class=\"elementor-element elementor-element-081a7c5 elementor-widget elementor-widget-text-editor\" data-id=\"081a7c5\" data-element_type=\"widget\" data-widget_type=\"text-editor.default\">\n\t\t\t\t<div class=\"elementor-widget-container\">\n\t\t\t\t\t\t\t\t\t<p>\ud83d\udccd<a href=\"https:\/\/maps.app.goo.gl\/RGC73SDsRS2Y2LMKA\">Siemianice bei S\u0142upsk<\/a> (Pommersche Woiwodschaft)<br \/>\ud83d\uddd3 12.\u201313. September (Samstag\u2013Sonntag)<br \/>\ud83d\udd59 \u00d6ffnungszeiten: 10:00\u201315:00 Uhr<\/p><p>Besuchen Sie <strong>90 m\u00b2 Holzrahmenhaus<\/strong> in Holzrahmenbauweise, gebaut in Fertigteiltechnik.<\/p><p>Dieses Mal \u00f6ffnen wir f\u00fcr euch die T\u00fcren eines Hauses, das entstanden ist<strong> basierend auf dem Projekt \u201eHaus inmitten von Azaleen\u201d des Architekturb\u00fcros ARCHON+.<\/strong><\/p><p>Das ist eine gro\u00dfartige Gelegenheit, live zu sehen, wie ein von Wascovilla gebautes Haus aussieht. Au\u00dferdem k\u00f6nnen Sie die Bauqualit\u00e4t und die im Innenbereich verwendeten L\u00f6sungen begutachten und sich selbst ein Bild davon machen, wie das Gesamtbild jenseits von Visualisierungen und Fotos wirkt.<\/p><p data-start=\"170\" data-end=\"434\"><strong>\ud83d\udd0d W\u00e4hrend der Tage der offenen T\u00fcr wird es m\u00f6glich sein:<\/strong><\/p><p data-start=\"170\" data-end=\"434\">\ud83d\udd39 das fertige Geb\u00e4ude genau unter die Lupe nehmen,<\/p><p data-start=\"170\" data-end=\"434\">\ud83d\udd39 Sprechen Sie mit Experten \u00fcber Rahmentechnologie und Vorfertigung,<\/p><p data-start=\"170\" data-end=\"434\">\ud83d\udd39 Informieren Sie sich \u00fcber Baukosten und Vorlaufzeiten,<\/p><p data-start=\"170\" data-end=\"434\">\ud83d\udd39Entdecken Sie L\u00f6sungen, die wir auch in Ihrem zuk\u00fcnftigen Zuhause umsetzen k\u00f6nnen<\/p><p data-start=\"170\" data-end=\"434\">\ud83d\udd39Beraten Sie sich bei Ihrer eigenen Gestaltung oder Wohnidee.<\/p><p data-start=\"170\" data-end=\"434\">Dies ist eine ideale Gelegenheit, um Zweifel zu zerstreuen und zu sehen, wie die <strong>moderne, energieeffiziente Bauweise<\/strong> in der Praxis.<\/p><p>Wenn ihr euch gerade erst auf der Suche nach einem Bauprojekt befindet, bereits ein Grundst\u00fcck habt oder einfach nur sehen m\u00f6chtet, wie der Hausbau mit Wascovilla in der Praxis aussieht \u2013 dann lohnt sich ein Besuch.<\/p>\t\t\t\t\t\t\t\t<\/div>\n\t\t\t\t<\/div>\n\t\t\t\t<div class=\"elementor-element elementor-element-4d85358 elementor-hidden-widescreen elementor-hidden-desktop elementor-hidden-laptop elementor-hidden-tablet elementor-hidden-mobile elementor-widget elementor-widget-text-editor\" data-id=\"4d85358\" data-element_type=\"widget\" data-widget_type=\"text-editor.default\">\n\t\t\t\t<div class=\"elementor-widget-container\">\n\t\t\t\t\t\t\t\t\t<p>\u00a0HAUSAUSF\u00dcHRUNG \u2013 <b>100 m\u00b2<\/b><\/p><p>\ud83c\udfe1 Geb\u00e4udetyp: <strong>Eingeschossiges Einfamilienhaus in Fertighausbauweise<\/strong><\/p><p>\ud83d\udcd0 Nutzfl\u00e4che: 100 m\u00b2\u00a0<\/p><ul><li>Wohnzimmer mit K\u00fcche und Speisekammer \u2013 42,87 m\u00b2<\/li><li>Hauptschlafzimmer mit begehbarem Kleiderschrank \u2013 15,45 m\u00b2<\/li><li>Badezimmer \u2013 4,57 m\u00b2<\/li><li>2. Schlafzimmer \u2013 10,21 m\u00b2<\/li><li>3. Schlafzimmer \u2013 9,82 m\u00b2<\/li><li>Badezimmer \u2013 3,10 m\u00b2<\/li><li>Technikraum \u2013 4,48 m\u00b2<\/li><li>Flur \u2013 5,74 m\u00b2<\/li><li>Windfang \u2013 3,77 m\u00b2<\/li><\/ul>\t\t\t\t\t\t\t\t<\/div>\n\t\t\t\t<\/div>\n\t\t\t\t<\/div>\n\t\t<div class=\"elementor-element elementor-element-18f1329 e-con-full e-flex e-con e-child\" data-id=\"18f1329\" data-element_type=\"container\" data-settings=\"{&quot;jet_parallax_layout_list&quot;:[]}\">\n\t\t\t\t<div class=\"elementor-element elementor-element-614962b elementor-widget elementor-widget-text-editor\" data-id=\"614962b\" data-element_type=\"widget\" data-widget_type=\"text-editor.default\">\n\t\t\t\t<div class=\"elementor-widget-container\">\n\t\t\t\t\t\t\t\t\t<p><strong>Technologie und Materialien:<\/strong><br \/>- Bau von vorgefertigten Modulen, die vor Ort zusammengebaut werden<br \/>- Zellgetrocknetes Bauholz C24<br \/>\u2013 D\u00e4mmung aus Zellulosewolle und STEICO-Holzfaserd\u00e4mmung<br \/>\u2013 Fundamentplatte mit einer bis zu 30 cm dicken D\u00e4mmung<br \/>- VEKA Softline 76 Fenster mit Dreifachverglasung<br \/>- Au\u00dfent\u00fcren Wik\u0119d Optimum Termo<br \/>- Zement-Dachziegel<br \/>- Rekuperation und Fu\u00dfbodenheizung.<\/p><p><strong>\ud83d\udccc Ort der Veranstaltung:<\/strong><br \/>Kl\u0119cino, Kreis S\u0142upsk, Woiwodschaft Pommern<br \/>\ud83d\udccd <a href=\"https:\/\/maps.app.goo.gl\/YpQXpKGQWHb4z27U7\">Klicken Sie zum \u00d6ffnen des Pins<\/a><\/p><p><strong>Haben Sie noch Fragen? Nehmen Sie Kontakt mit uns auf!<\/strong><br \/><strong>\ud83d\udcde Iza: <a href=\"tel:+48780780874\">780 780 874<\/a><\/strong><br \/><strong>\ud83d\udcde Radek: <a href=\"tel:+48780780873\">780 780 873<\/a><\/strong><\/p>\t\t\t\t\t\t\t\t<\/div>\n\t\t\t\t<\/div>\n\t\t\t\t<div class=\"elementor-element elementor-element-597d0b8 elementor-hidden-mobile elementor-widget elementor-widget-html\" data-id=\"597d0b8\" data-element_type=\"widget\" data-widget_type=\"html.default\">\n\t\t\t\t<div class=\"elementor-widget-container\">\n\t\t\t\t\t<iframe src=\"https:\/\/www.google.com\/maps\/embed?pb=!1m17!1m12!1m3!1d18529.37026149793!2d17.04964677404564!3d54.51284060044499!2m3!1f0!2f0!3f0!3m2!1i1024!2i768!4f13.1!3m2!1m1!2zNTTCsDMwJzM3LjEiTiAxN8KwMDQnMDUuMiJF!5e0!3m2!1spl!2spl!4v1786693397088!5m2!1spl!2spl\" width=\"600\" height=\"450\" style=\"border:0;\" allowfullscreen=\"\" loading=\"lazy\" referrerpolicy=\"strict-origin-when-cross-origin\"><\/iframe>\t\t\t\t<\/div>\n\t\t\t\t<\/div>\n\t\t\t\t<\/div>\n\t\t\t\t\t<\/div>\n\t\t\t\t<\/div>\n\t\t<div class=\"elementor-element elementor-element-e7ac0b0 e-flex e-con-boxed e-con e-parent\" data-id=\"e7ac0b0\" data-element_type=\"container\" data-settings=\"{&quot;jet_parallax_layout_list&quot;:[]}\">\n\t\t\t\t\t<div class=\"e-con-inner\">\n\t\t\t\t<div class=\"elementor-element elementor-element-497e48c elementor-widget elementor-widget-spacer\" data-id=\"497e48c\" data-element_type=\"widget\" data-widget_type=\"spacer.default\">\n\t\t\t\t<div class=\"elementor-widget-container\">\n\t\t\t\t\t\t\t<div class=\"elementor-spacer\">\n\t\t\t<div class=\"elementor-spacer-inner\"><\/div>\n\t\t<\/div>\n\t\t\t\t\t\t<\/div>\n\t\t\t\t<\/div>\n\t\t\t\t<div class=\"elementor-element elementor-element-8aef321 elementor-widget elementor-widget-menu-anchor\" data-id=\"8aef321\" data-element_type=\"widget\" data-widget_type=\"menu-anchor.default\">\n\t\t\t\t<div class=\"elementor-widget-container\">\n\t\t\t\t\t\t\t<div class=\"elementor-menu-anchor\" id=\"zapis-dni-otwarte\"><\/div>\n\t\t\t\t\t\t<\/div>\n\t\t\t\t<\/div>\n\t\t\t\t<div class=\"elementor-element elementor-element-ec9fee4 elementor-widget elementor-widget-html\" data-id=\"ec9fee4\" data-element_type=\"widget\" data-widget_type=\"html.default\">\n\t\t\t\t<div class=\"elementor-widget-container\">\n\t\t\t\t\t<getresponse-form form-id=\"bd4f0a0c-f4e7-48c0-8f27-418545d70e3f\" e=\"0\"><\/getresponse-form>\t\t\t\t<\/div>\n\t\t\t\t<\/div>\n\t\t\t\t\t<\/div>\n\t\t\t\t<\/div>\n\t\t\t\t<\/div>","protected":false},"excerpt":{"rendered":"<p>Tag der offenen T\u00fcr bei WASCOVILLA \u2013 Sehen Sie sich ein Fertighaus in Skelettbauweise live an! \ud83d\udccdSiemianice bei S\u0142upsk (Woiwodschaft Pommern)\ud83d\uddd3 12.\u201313. September (Samstag\u2013Sonntag)\ud83d\udd59 Uhrzeit: 10:00\u201315:00 Uhr Besichtigen Sie ein 90 m\u00b2 gro\u00dfes Holzrahmenhaus in Holzbauweise, das in Fertigtechnologie errichtet wurde. Dieses Mal \u00f6ffnen wir f\u00fcr euch die T\u00fcren eines Hauses, das auf der Grundlage des Entwurfs \u201eHaus in den Azaleen\u201d des Architekturb\u00fcros ARCHON+ entstanden ist. Das ist eine gro\u00dfartige Gelegenheit, um [\u2026]<\/p>","protected":false},"author":4,"featured_media":0,"parent":0,"menu_order":0,"comment_status":"closed","ping_status":"closed","template":"","meta":{"_acf_changed":false,"footnotes":""},"class_list":["post-3896","page","type-page","status-publish","hentry"],"acf":[],"yoast_head":"<!-- This site is optimized with the Yoast SEO plugin v26.7 - https:\/\/yoast.com\/wordpress\/plugins\/seo\/ -->\n<title>Dni Otwarte Wascovilla | Dom Prefabrykowany 90 m\u00b2 Siemianice<\/title>\n<meta name=\"description\" content=\"Zobacz na \u017cywo dom prefabrykowany 90 m\u00b2 w Siemianicach k. S\u0142upska. Odbierz zaproszenie na Dni Otwarte Wascovilla \u2013 12-13 wrze\u015bnia 2026!\" \/>\n<meta name=\"robots\" content=\"index, follow, max-snippet:-1, max-image-preview:large, max-video-preview:-1\" \/>\n<link rel=\"canonical\" href=\"https:\/\/wascovilla.pl\/de\/tage-der-offenen-tur\/\" \/>\n<meta property=\"og:locale\" content=\"de_DE\" \/>\n<meta property=\"og:type\" content=\"article\" \/>\n<meta property=\"og:title\" content=\"Dni Otwarte Wascovilla | Dom Prefabrykowany 90 m\u00b2 Siemianice\" \/>\n<meta property=\"og:description\" content=\"Zobacz na \u017cywo dom prefabrykowany 90 m\u00b2 w Siemianicach k. S\u0142upska. Odbierz zaproszenie na Dni Otwarte Wascovilla \u2013 12-13 wrze\u015bnia 2026!\" \/>\n<meta property=\"og:url\" content=\"https:\/\/wascovilla.pl\/de\/tage-der-offenen-tur\/\" \/>\n<meta property=\"og:site_name\" content=\"WascoVilla | Producent dom\u00f3w z drewna | Domy mieszkalne, nowoczesne, modu\u0142owe, domki letniskowe, wi\u0105zary dachowe, izolacje\" \/>\n<meta property=\"article:modified_time\" content=\"2026-08-19T06:48:45+00:00\" \/>\n<meta property=\"og:image\" content=\"https:\/\/wascovilla.pl\/wp-content\/uploads\/2026\/08\/Dni-Otwarte-dom-szkieletowy-pomorksie.png\" \/>\n\t<meta property=\"og:image:width\" content=\"1640\" \/>\n\t<meta property=\"og:image:height\" content=\"624\" \/>\n\t<meta property=\"og:image:type\" content=\"image\/png\" \/>\n<meta name=\"twitter:card\" content=\"summary_large_image\" \/>\n<meta name=\"twitter:label1\" content=\"Gesch\u00e4tzte Lesezeit\" \/>\n\t<meta name=\"twitter:data1\" content=\"3\u00a0Minuten\" \/>\n<script type=\"application\/ld+json\" class=\"yoast-schema-graph\">{\"@context\":\"https:\/\/schema.org\",\"@graph\":[{\"@type\":\"WebPage\",\"@id\":\"https:\/\/wascovilla.pl\/dni-otwarte\/\",\"url\":\"https:\/\/wascovilla.pl\/dni-otwarte\/\",\"name\":\"Dni Otwarte Wascovilla | Dom Prefabrykowany 90 m\u00b2 Siemianice\",\"isPartOf\":{\"@id\":\"https:\/\/wascovilla.pl\/#website\"},\"primaryImageOfPage\":{\"@id\":\"https:\/\/wascovilla.pl\/dni-otwarte\/#primaryimage\"},\"image\":{\"@id\":\"https:\/\/wascovilla.pl\/dni-otwarte\/#primaryimage\"},\"thumbnailUrl\":\"https:\/\/wascovilla.pl\/wp-content\/uploads\/2026\/08\/Dni-Otwarte-dom-szkieletowy-pomorksie-1024x390.png\",\"datePublished\":\"2025-02-20T01:18:19+00:00\",\"dateModified\":\"2026-08-19T06:48:45+00:00\",\"description\":\"Zobacz na \u017cywo dom prefabrykowany 90 m\u00b2 w Siemianicach k. S\u0142upska. Odbierz zaproszenie na Dni Otwarte Wascovilla \u2013 12-13 wrze\u015bnia 2026!\",\"breadcrumb\":{\"@id\":\"https:\/\/wascovilla.pl\/dni-otwarte\/#breadcrumb\"},\"inLanguage\":\"de\",\"potentialAction\":[{\"@type\":\"ReadAction\",\"target\":[\"https:\/\/wascovilla.pl\/dni-otwarte\/\"]}]},{\"@type\":\"ImageObject\",\"inLanguage\":\"de\",\"@id\":\"https:\/\/wascovilla.pl\/dni-otwarte\/#primaryimage\",\"url\":\"https:\/\/wascovilla.pl\/wp-content\/uploads\/2026\/08\/Dni-Otwarte-dom-szkieletowy-pomorksie-1024x390.png\",\"contentUrl\":\"https:\/\/wascovilla.pl\/wp-content\/uploads\/2026\/08\/Dni-Otwarte-dom-szkieletowy-pomorksie-1024x390.png\"},{\"@type\":\"BreadcrumbList\",\"@id\":\"https:\/\/wascovilla.pl\/dni-otwarte\/#breadcrumb\",\"itemListElement\":[{\"@type\":\"ListItem\",\"position\":1,\"name\":\"Strona g\u0142\u00f3wna\",\"item\":\"https:\/\/wascovilla.pl\/\"},{\"@type\":\"ListItem\",\"position\":2,\"name\":\"Dni Otwarte | Dom Prefabrykowany Siemianice | 12-13 wrze\u015bnia\"}]},{\"@type\":\"WebSite\",\"@id\":\"https:\/\/wascovilla.pl\/#website\",\"url\":\"https:\/\/wascovilla.pl\/\",\"name\":\"WascoVilla | Producent dom\u00f3w z drewna | Domy mieszkalne, nowoczesne, modu\u0142owe, domki letniskowe, wi\u0105zary dachowe, izolacje\",\"description\":\"\",\"publisher\":{\"@id\":\"https:\/\/wascovilla.pl\/#organization\"},\"potentialAction\":[{\"@type\":\"SearchAction\",\"target\":{\"@type\":\"EntryPoint\",\"urlTemplate\":\"https:\/\/wascovilla.pl\/?s={search_term_string}\"},\"query-input\":{\"@type\":\"PropertyValueSpecification\",\"valueRequired\":true,\"valueName\":\"search_term_string\"}}],\"inLanguage\":\"de\"},{\"@type\":\"Organization\",\"@id\":\"https:\/\/wascovilla.pl\/#organization\",\"name\":\"WascoVilla | Producent dom\u00f3w z drewna | Domy mieszkalne, nowoczesne, modu\u0142owe, domki letniskowe, wi\u0105zary dachowe, izolacje\",\"url\":\"https:\/\/wascovilla.pl\/\",\"logo\":{\"@type\":\"ImageObject\",\"inLanguage\":\"de\",\"@id\":\"https:\/\/wascovilla.pl\/#\/schema\/logo\/image\/\",\"url\":\"https:\/\/wascovilla.pl\/wp-content\/uploads\/2024\/06\/logo.jpg\",\"contentUrl\":\"https:\/\/wascovilla.pl\/wp-content\/uploads\/2024\/06\/logo.jpg\",\"width\":282,\"height\":119,\"caption\":\"WascoVilla | Producent dom\u00f3w z drewna | Domy mieszkalne, nowoczesne, modu\u0142owe, domki letniskowe, wi\u0105zary dachowe, izolacje\"},\"image\":{\"@id\":\"https:\/\/wascovilla.pl\/#\/schema\/logo\/image\/\"}}]}<\/script>\n<!-- \/ Yoast SEO plugin. -->","yoast_head_json":{"title":"Tag der offenen T\u00fcr bei Wascovilla | Fertighaus 90 m\u00b2 in Siemianice","description":"Sehen Sie sich das 90 m\u00b2 gro\u00dfe Fertighaus in Siemianice bei S\u0142upsk live an. Holen Sie sich Ihre Einladung zu den Wascovilla-Tagen der offenen T\u00fcr \u2013 12.\u201313. September 2026!","robots":{"index":"index","follow":"follow","max-snippet":"max-snippet:-1","max-image-preview":"max-image-preview:large","max-video-preview":"max-video-preview:-1"},"canonical":"https:\/\/wascovilla.pl\/de\/tage-der-offenen-tur\/","og_locale":"de_DE","og_type":"article","og_title":"Dni Otwarte Wascovilla | Dom Prefabrykowany 90 m\u00b2 Siemianice","og_description":"Zobacz na \u017cywo dom prefabrykowany 90 m\u00b2 w Siemianicach k. S\u0142upska. Odbierz zaproszenie na Dni Otwarte Wascovilla \u2013 12-13 wrze\u015bnia 2026!","og_url":"https:\/\/wascovilla.pl\/de\/tage-der-offenen-tur\/","og_site_name":"WascoVilla | Producent dom\u00f3w z drewna | Domy mieszkalne, nowoczesne, modu\u0142owe, domki letniskowe, wi\u0105zary dachowe, izolacje","article_modified_time":"2026-08-19T06:48:45+00:00","og_image":[{"width":1640,"height":624,"url":"https:\/\/wascovilla.pl\/wp-content\/uploads\/2026\/08\/Dni-Otwarte-dom-szkieletowy-pomorksie.png","type":"image\/png"}],"twitter_card":"summary_large_image","twitter_misc":{"Gesch\u00e4tzte Lesezeit":"3\u00a0Minuten"},"schema":{"@context":"https:\/\/schema.org","@graph":[{"@type":"WebPage","@id":"https:\/\/wascovilla.pl\/dni-otwarte\/","url":"https:\/\/wascovilla.pl\/dni-otwarte\/","name":"Tag der offenen T\u00fcr bei Wascovilla | Fertighaus 90 m\u00b2 in Siemianice","isPartOf":{"@id":"https:\/\/wascovilla.pl\/#website"},"primaryImageOfPage":{"@id":"https:\/\/wascovilla.pl\/dni-otwarte\/#primaryimage"},"image":{"@id":"https:\/\/wascovilla.pl\/dni-otwarte\/#primaryimage"},"thumbnailUrl":"https:\/\/wascovilla.pl\/wp-content\/uploads\/2026\/08\/Dni-Otwarte-dom-szkieletowy-pomorksie-1024x390.png","datePublished":"2025-02-20T01:18:19+00:00","dateModified":"2026-08-19T06:48:45+00:00","description":"Sehen Sie sich das 90 m\u00b2 gro\u00dfe Fertighaus in Siemianice bei S\u0142upsk live an. Holen Sie sich Ihre Einladung zu den Wascovilla-Tagen der offenen T\u00fcr \u2013 12.\u201313. September 2026!","breadcrumb":{"@id":"https:\/\/wascovilla.pl\/dni-otwarte\/#breadcrumb"},"inLanguage":"de","potentialAction":[{"@type":"ReadAction","target":["https:\/\/wascovilla.pl\/dni-otwarte\/"]}]},{"@type":"ImageObject","inLanguage":"de","@id":"https:\/\/wascovilla.pl\/dni-otwarte\/#primaryimage","url":"https:\/\/wascovilla.pl\/wp-content\/uploads\/2026\/08\/Dni-Otwarte-dom-szkieletowy-pomorksie-1024x390.png","contentUrl":"https:\/\/wascovilla.pl\/wp-content\/uploads\/2026\/08\/Dni-Otwarte-dom-szkieletowy-pomorksie-1024x390.png"},{"@type":"BreadcrumbList","@id":"https:\/\/wascovilla.pl\/dni-otwarte\/#breadcrumb","itemListElement":[{"@type":"ListItem","position":1,"name":"Strona g\u0142\u00f3wna","item":"https:\/\/wascovilla.pl\/"},{"@type":"ListItem","position":2,"name":"Dni Otwarte | Dom Prefabrykowany Siemianice | 12-13 wrze\u015bnia"}]},{"@type":"WebSite","@id":"https:\/\/wascovilla.pl\/#website","url":"https:\/\/wascovilla.pl\/","name":"WascoVilla | Hersteller von Holzh\u00e4usern | Wohnh\u00e4user, moderne, modulare, Ferienh\u00e4user, Dachst\u00fchle, Isolierung","description":"","publisher":{"@id":"https:\/\/wascovilla.pl\/#organization"},"potentialAction":[{"@type":"SearchAction","target":{"@type":"EntryPoint","urlTemplate":"https:\/\/wascovilla.pl\/?s={search_term_string}"},"query-input":{"@type":"PropertyValueSpecification","valueRequired":true,"valueName":"search_term_string"}}],"inLanguage":"de"},{"@type":"Organization","@id":"https:\/\/wascovilla.pl\/#organization","name":"WascoVilla | Hersteller von Holzh\u00e4usern | Wohnh\u00e4user, moderne, modulare, Ferienh\u00e4user, Dachst\u00fchle, Isolierung","url":"https:\/\/wascovilla.pl\/","logo":{"@type":"ImageObject","inLanguage":"de","@id":"https:\/\/wascovilla.pl\/#\/schema\/logo\/image\/","url":"https:\/\/wascovilla.pl\/wp-content\/uploads\/2024\/06\/logo.jpg","contentUrl":"https:\/\/wascovilla.pl\/wp-content\/uploads\/2024\/06\/logo.jpg","width":282,"height":119,"caption":"WascoVilla | Producent dom\u00f3w z drewna | Domy mieszkalne, nowoczesne, modu\u0142owe, domki letniskowe, wi\u0105zary dachowe, izolacje"},"image":{"@id":"https:\/\/wascovilla.pl\/#\/schema\/logo\/image\/"}}]}},"_links":{"self":[{"href":"https:\/\/wascovilla.pl\/de\/wp-json\/wp\/v2\/pages\/3896","targetHints":{"allow":["GET"]}}],"collection":[{"href":"https:\/\/wascovilla.pl\/de\/wp-json\/wp\/v2\/pages"}],"about":[{"href":"https:\/\/wascovilla.pl\/de\/wp-json\/wp\/v2\/types\/page"}],"author":[{"embeddable":true,"href":"https:\/\/wascovilla.pl\/de\/wp-json\/wp\/v2\/users\/4"}],"replies":[{"embeddable":true,"href":"https:\/\/wascovilla.pl\/de\/wp-json\/wp\/v2\/comments?post=3896"}],"version-history":[{"count":245,"href":"https:\/\/wascovilla.pl\/de\/wp-json\/wp\/v2\/pages\/3896\/revisions"}],"predecessor-version":[{"id":5884,"href":"https:\/\/wascovilla.pl\/de\/wp-json\/wp\/v2\/pages\/3896\/revisions\/5884"}],"wp:attachment":[{"href":"https:\/\/wascovilla.pl\/de\/wp-json\/wp\/v2\/media?parent=3896"}],"curies":[{"name":"wp","href":"https:\/\/api.w.org\/{rel}","templated":true}]}}