{"id":5157,"date":"2025-12-22T13:10:40","date_gmt":"2025-12-22T13:10:40","guid":{"rendered":"https:\/\/wascovilla.pl\/?post_type=encyklopedia&#038;p=5157"},"modified":"2025-12-22T13:10:41","modified_gmt":"2025-12-22T13:10:41","slug":"schnee-und-windlast","status":"publish","type":"encyklopedia","link":"https:\/\/wascovilla.pl\/de\/enzyklopadie\/schnee-und-windlast\/","title":{"rendered":"Schnee- und Windlast"},"content":{"rendered":"<p><strong>Schnee- und Windlast<\/strong> ist eine Reihe von Standardwerten f\u00fcr die Kr\u00e4fte, die aufgrund von Schneedecke, Winddruck und -sog auf ein Bauwerk wirken. Diese Parameter h\u00e4ngen von den Klimazonen, der H\u00f6he des Standorts und der Exposition des Grundst\u00fccks ab. Sie h\u00e4ngen auch von der Form des Daches und der Geometrie des gesamten Geb\u00e4udes ab und m\u00fcssen daher immer in der Planungsphase berechnet werden. <\/p>\n\n\n\n<p>Die Schneelast beeinflusst vor allem die Wahl der Dachprofile und des Tragsystems. Die Windlast hingegen wirkt sich auf die gesamte Geb\u00e4udeh\u00fclle aus, insbesondere auf die Fassaden und die strukturellen Verbindungen. <\/p>\n\n\n\n<p>Als <strong>Hersteller von H\u00e4usern in Holzrahmenbauweise<\/strong>, Wir wissen, dass die genaue Bestimmung dieser Lasten entscheidend ist. Dies erm\u00f6glicht die richtige Auslegung <a href=\"https:\/\/wascovilla.pl\/de\/traversen\/\">Traversen<\/a>, Die strukturelle Integrit\u00e4t des Geb\u00e4udes wird durch die Verwendung der Ummantelung, Verankerung und Stabilisierung des gesamten Geb\u00e4udes gew\u00e4hrleistet. Die zuverl\u00e4ssige Ber\u00fccksichtigung beider Lasten gew\u00e4hrleistet die Betriebssicherheit, die Widerstandsf\u00e4higkeit gegen\u00fcber extremen Wetterereignissen und die Dauerhaftigkeit des Bauwerks \u00fcber seine gesamte Lebensdauer.<\/p>\n\n\n\n<p><\/p>","protected":false},"featured_media":5200,"template":"","meta":{"_acf_changed":true},"class_list":["post-5157","encyklopedia","type-encyklopedia","status-publish","has-post-thumbnail","hentry"],"acf":[],"yoast_head":"<!-- This site is optimized with the Yoast SEO plugin v26.7 - https:\/\/yoast.com\/wordpress\/plugins\/seo\/ -->\n<title>Czym jest obci\u0105\u017cenie \u015bniegiem i wiatrem? - WascoVilla | Producent dom\u00f3w z drewna | Domy mieszkalne, nowoczesne, modu\u0142owe, domki letniskowe, wi\u0105zary dachowe, izolacje<\/title>\n<meta name=\"description\" content=\"Obci\u0105\u017cenie \u015bniegiem i wiatrem decyduje o wytrzyma\u0142o\u015bci domu modu\u0142owego. Poznaj zasady oblicze\u0144 dla dachu i elewacji!\" \/>\n<meta name=\"robots\" content=\"index, follow, max-snippet:-1, max-image-preview:large, max-video-preview:-1\" \/>\n<link rel=\"canonical\" href=\"https:\/\/wascovilla.pl\/de\/enzyklopadie\/schnee-und-windlast\/\" \/>\n<meta property=\"og:locale\" content=\"de_DE\" \/>\n<meta property=\"og:type\" content=\"article\" \/>\n<meta property=\"og:title\" content=\"Czym jest obci\u0105\u017cenie \u015bniegiem i wiatrem? - WascoVilla | Producent dom\u00f3w z drewna | Domy mieszkalne, nowoczesne, modu\u0142owe, domki letniskowe, wi\u0105zary dachowe, izolacje\" \/>\n<meta property=\"og:description\" content=\"Obci\u0105\u017cenie \u015bniegiem i wiatrem decyduje o wytrzyma\u0142o\u015bci domu modu\u0142owego. Poznaj zasady oblicze\u0144 dla dachu i elewacji!\" \/>\n<meta property=\"og:url\" content=\"https:\/\/wascovilla.pl\/de\/enzyklopadie\/schnee-und-windlast\/\" \/>\n<meta property=\"og:site_name\" content=\"WascoVilla | Producent dom\u00f3w z drewna | Domy mieszkalne, nowoczesne, modu\u0142owe, domki letniskowe, wi\u0105zary dachowe, izolacje\" \/>\n<meta property=\"article:modified_time\" content=\"2025-12-22T13:10:41+00:00\" \/>\n<meta property=\"og:image\" content=\"https:\/\/wascovilla.pl\/wp-content\/uploads\/2025\/12\/Obciazenie-sniegiem-i-wiatrem-1024x576.jpg\" \/>\n\t<meta property=\"og:image:width\" content=\"1024\" \/>\n\t<meta property=\"og:image:height\" content=\"576\" \/>\n\t<meta property=\"og:image:type\" content=\"image\/jpeg\" \/>\n<meta name=\"twitter:card\" content=\"summary_large_image\" \/>\n<meta name=\"twitter:label1\" content=\"Gesch\u00e4tzte Lesezeit\" \/>\n\t<meta name=\"twitter:data1\" content=\"1\u00a0Minute\" \/>\n<script type=\"application\/ld+json\" class=\"yoast-schema-graph\">{\"@context\":\"https:\/\/schema.org\",\"@graph\":[{\"@type\":\"WebPage\",\"@id\":\"https:\/\/wascovilla.pl\/encyklopedia\/obciazenie-sniegiem-i-wiatrem\/\",\"url\":\"https:\/\/wascovilla.pl\/encyklopedia\/obciazenie-sniegiem-i-wiatrem\/\",\"name\":\"Czym jest obci\u0105\u017cenie \u015bniegiem i wiatrem? - WascoVilla | Producent dom\u00f3w z drewna | Domy mieszkalne, nowoczesne, modu\u0142owe, domki letniskowe, wi\u0105zary dachowe, izolacje\",\"isPartOf\":{\"@id\":\"https:\/\/wascovilla.pl\/#website\"},\"primaryImageOfPage\":{\"@id\":\"https:\/\/wascovilla.pl\/encyklopedia\/obciazenie-sniegiem-i-wiatrem\/#primaryimage\"},\"image\":{\"@id\":\"https:\/\/wascovilla.pl\/encyklopedia\/obciazenie-sniegiem-i-wiatrem\/#primaryimage\"},\"thumbnailUrl\":\"https:\/\/wascovilla.pl\/wp-content\/uploads\/2025\/12\/Obciazenie-sniegiem-i-wiatrem.jpg\",\"datePublished\":\"2025-12-22T13:10:40+00:00\",\"dateModified\":\"2025-12-22T13:10:41+00:00\",\"description\":\"Obci\u0105\u017cenie \u015bniegiem i wiatrem decyduje o wytrzyma\u0142o\u015bci domu modu\u0142owego. Poznaj zasady oblicze\u0144 dla dachu i elewacji!\",\"breadcrumb\":{\"@id\":\"https:\/\/wascovilla.pl\/encyklopedia\/obciazenie-sniegiem-i-wiatrem\/#breadcrumb\"},\"inLanguage\":\"de\",\"potentialAction\":[{\"@type\":\"ReadAction\",\"target\":[\"https:\/\/wascovilla.pl\/encyklopedia\/obciazenie-sniegiem-i-wiatrem\/\"]}]},{\"@type\":\"ImageObject\",\"inLanguage\":\"de\",\"@id\":\"https:\/\/wascovilla.pl\/encyklopedia\/obciazenie-sniegiem-i-wiatrem\/#primaryimage\",\"url\":\"https:\/\/wascovilla.pl\/wp-content\/uploads\/2025\/12\/Obciazenie-sniegiem-i-wiatrem.jpg\",\"contentUrl\":\"https:\/\/wascovilla.pl\/wp-content\/uploads\/2025\/12\/Obciazenie-sniegiem-i-wiatrem.jpg\",\"width\":1920,\"height\":1080,\"caption\":\"\u0179r\u00f3d\u0142o zdj\u0119cia: Freepik.com\"},{\"@type\":\"BreadcrumbList\",\"@id\":\"https:\/\/wascovilla.pl\/encyklopedia\/obciazenie-sniegiem-i-wiatrem\/#breadcrumb\",\"itemListElement\":[{\"@type\":\"ListItem\",\"position\":1,\"name\":\"Strona g\u0142\u00f3wna\",\"item\":\"https:\/\/wascovilla.pl\/\"},{\"@type\":\"ListItem\",\"position\":2,\"name\":\"Obci\u0105\u017cenie \u015bniegiem i wiatrem\"}]},{\"@type\":\"WebSite\",\"@id\":\"https:\/\/wascovilla.pl\/#website\",\"url\":\"https:\/\/wascovilla.pl\/\",\"name\":\"WascoVilla | Producent dom\u00f3w z drewna | Domy mieszkalne, nowoczesne, modu\u0142owe, domki letniskowe, wi\u0105zary dachowe, izolacje\",\"description\":\"\",\"publisher\":{\"@id\":\"https:\/\/wascovilla.pl\/#organization\"},\"potentialAction\":[{\"@type\":\"SearchAction\",\"target\":{\"@type\":\"EntryPoint\",\"urlTemplate\":\"https:\/\/wascovilla.pl\/?s={search_term_string}\"},\"query-input\":{\"@type\":\"PropertyValueSpecification\",\"valueRequired\":true,\"valueName\":\"search_term_string\"}}],\"inLanguage\":\"de\"},{\"@type\":\"Organization\",\"@id\":\"https:\/\/wascovilla.pl\/#organization\",\"name\":\"WascoVilla | Producent dom\u00f3w z drewna | Domy mieszkalne, nowoczesne, modu\u0142owe, domki letniskowe, wi\u0105zary dachowe, izolacje\",\"url\":\"https:\/\/wascovilla.pl\/\",\"logo\":{\"@type\":\"ImageObject\",\"inLanguage\":\"de\",\"@id\":\"https:\/\/wascovilla.pl\/#\/schema\/logo\/image\/\",\"url\":\"https:\/\/wascovilla.pl\/wp-content\/uploads\/2024\/06\/logo.jpg\",\"contentUrl\":\"https:\/\/wascovilla.pl\/wp-content\/uploads\/2024\/06\/logo.jpg\",\"width\":282,\"height\":119,\"caption\":\"WascoVilla | Producent dom\u00f3w z drewna | Domy mieszkalne, nowoczesne, modu\u0142owe, domki letniskowe, wi\u0105zary dachowe, izolacje\"},\"image\":{\"@id\":\"https:\/\/wascovilla.pl\/#\/schema\/logo\/image\/\"}}]}<\/script>\n<!-- \/ Yoast SEO plugin. -->","yoast_head_json":{"title":"Was sind Schnee- und Windlasten? - WascoVilla | Hersteller von Holzh\u00e4usern | Wohnh\u00e4user, moderne, modulare, Ferienh\u00e4user, Dachst\u00fchle, Isolierung","description":"Schnee- und Windlasten bestimmen die Festigkeit eines Modulhauses. Lernen Sie die Berechnungsregeln f\u00fcr das Dach und die Fassade kennen!","robots":{"index":"index","follow":"follow","max-snippet":"max-snippet:-1","max-image-preview":"max-image-preview:large","max-video-preview":"max-video-preview:-1"},"canonical":"https:\/\/wascovilla.pl\/de\/enzyklopadie\/schnee-und-windlast\/","og_locale":"de_DE","og_type":"article","og_title":"Czym jest obci\u0105\u017cenie \u015bniegiem i wiatrem? - WascoVilla | Producent dom\u00f3w z drewna | Domy mieszkalne, nowoczesne, modu\u0142owe, domki letniskowe, wi\u0105zary dachowe, izolacje","og_description":"Obci\u0105\u017cenie \u015bniegiem i wiatrem decyduje o wytrzyma\u0142o\u015bci domu modu\u0142owego. Poznaj zasady oblicze\u0144 dla dachu i elewacji!","og_url":"https:\/\/wascovilla.pl\/de\/enzyklopadie\/schnee-und-windlast\/","og_site_name":"WascoVilla | Producent dom\u00f3w z drewna | Domy mieszkalne, nowoczesne, modu\u0142owe, domki letniskowe, wi\u0105zary dachowe, izolacje","article_modified_time":"2025-12-22T13:10:41+00:00","og_image":[{"width":1024,"height":576,"url":"https:\/\/wascovilla.pl\/wp-content\/uploads\/2025\/12\/Obciazenie-sniegiem-i-wiatrem-1024x576.jpg","type":"image\/jpeg"}],"twitter_card":"summary_large_image","twitter_misc":{"Gesch\u00e4tzte Lesezeit":"1\u00a0Minute"},"schema":{"@context":"https:\/\/schema.org","@graph":[{"@type":"WebPage","@id":"https:\/\/wascovilla.pl\/encyklopedia\/obciazenie-sniegiem-i-wiatrem\/","url":"https:\/\/wascovilla.pl\/encyklopedia\/obciazenie-sniegiem-i-wiatrem\/","name":"Was sind Schnee- und Windlasten? - WascoVilla | Hersteller von Holzh\u00e4usern | Wohnh\u00e4user, moderne, modulare, Ferienh\u00e4user, Dachst\u00fchle, Isolierung","isPartOf":{"@id":"https:\/\/wascovilla.pl\/#website"},"primaryImageOfPage":{"@id":"https:\/\/wascovilla.pl\/encyklopedia\/obciazenie-sniegiem-i-wiatrem\/#primaryimage"},"image":{"@id":"https:\/\/wascovilla.pl\/encyklopedia\/obciazenie-sniegiem-i-wiatrem\/#primaryimage"},"thumbnailUrl":"https:\/\/wascovilla.pl\/wp-content\/uploads\/2025\/12\/Obciazenie-sniegiem-i-wiatrem.jpg","datePublished":"2025-12-22T13:10:40+00:00","dateModified":"2025-12-22T13:10:41+00:00","description":"Schnee- und Windlasten bestimmen die Festigkeit eines Modulhauses. Lernen Sie die Berechnungsregeln f\u00fcr das Dach und die Fassade kennen!","breadcrumb":{"@id":"https:\/\/wascovilla.pl\/encyklopedia\/obciazenie-sniegiem-i-wiatrem\/#breadcrumb"},"inLanguage":"de","potentialAction":[{"@type":"ReadAction","target":["https:\/\/wascovilla.pl\/encyklopedia\/obciazenie-sniegiem-i-wiatrem\/"]}]},{"@type":"ImageObject","inLanguage":"de","@id":"https:\/\/wascovilla.pl\/encyklopedia\/obciazenie-sniegiem-i-wiatrem\/#primaryimage","url":"https:\/\/wascovilla.pl\/wp-content\/uploads\/2025\/12\/Obciazenie-sniegiem-i-wiatrem.jpg","contentUrl":"https:\/\/wascovilla.pl\/wp-content\/uploads\/2025\/12\/Obciazenie-sniegiem-i-wiatrem.jpg","width":1920,"height":1080,"caption":"\u0179r\u00f3d\u0142o zdj\u0119cia: Freepik.com"},{"@type":"BreadcrumbList","@id":"https:\/\/wascovilla.pl\/encyklopedia\/obciazenie-sniegiem-i-wiatrem\/#breadcrumb","itemListElement":[{"@type":"ListItem","position":1,"name":"Strona g\u0142\u00f3wna","item":"https:\/\/wascovilla.pl\/"},{"@type":"ListItem","position":2,"name":"Obci\u0105\u017cenie \u015bniegiem i wiatrem"}]},{"@type":"WebSite","@id":"https:\/\/wascovilla.pl\/#website","url":"https:\/\/wascovilla.pl\/","name":"WascoVilla | Hersteller von Holzh\u00e4usern | Wohnh\u00e4user, moderne, modulare, Ferienh\u00e4user, Dachst\u00fchle, Isolierung","description":"","publisher":{"@id":"https:\/\/wascovilla.pl\/#organization"},"potentialAction":[{"@type":"SearchAction","target":{"@type":"EntryPoint","urlTemplate":"https:\/\/wascovilla.pl\/?s={search_term_string}"},"query-input":{"@type":"PropertyValueSpecification","valueRequired":true,"valueName":"search_term_string"}}],"inLanguage":"de"},{"@type":"Organization","@id":"https:\/\/wascovilla.pl\/#organization","name":"WascoVilla | Hersteller von Holzh\u00e4usern | Wohnh\u00e4user, moderne, modulare, Ferienh\u00e4user, Dachst\u00fchle, Isolierung","url":"https:\/\/wascovilla.pl\/","logo":{"@type":"ImageObject","inLanguage":"de","@id":"https:\/\/wascovilla.pl\/#\/schema\/logo\/image\/","url":"https:\/\/wascovilla.pl\/wp-content\/uploads\/2024\/06\/logo.jpg","contentUrl":"https:\/\/wascovilla.pl\/wp-content\/uploads\/2024\/06\/logo.jpg","width":282,"height":119,"caption":"WascoVilla | Producent dom\u00f3w z drewna | Domy mieszkalne, nowoczesne, modu\u0142owe, domki letniskowe, wi\u0105zary dachowe, izolacje"},"image":{"@id":"https:\/\/wascovilla.pl\/#\/schema\/logo\/image\/"}}]}},"_links":{"self":[{"href":"https:\/\/wascovilla.pl\/de\/wp-json\/wp\/v2\/encyklopedia\/5157","targetHints":{"allow":["GET"]}}],"collection":[{"href":"https:\/\/wascovilla.pl\/de\/wp-json\/wp\/v2\/encyklopedia"}],"about":[{"href":"https:\/\/wascovilla.pl\/de\/wp-json\/wp\/v2\/types\/encyklopedia"}],"wp:featuredmedia":[{"embeddable":true,"href":"https:\/\/wascovilla.pl\/de\/wp-json\/wp\/v2\/media\/5200"}],"wp:attachment":[{"href":"https:\/\/wascovilla.pl\/de\/wp-json\/wp\/v2\/media?parent=5157"}],"curies":[{"name":"wp","href":"https:\/\/api.w.org\/{rel}","templated":true}]}}