{"id":4216,"date":"2025-03-21T08:23:24","date_gmt":"2025-03-21T08:23:24","guid":{"rendered":"https:\/\/wascovilla.pl\/?post_type=encyklopedia&#038;p=4216"},"modified":"2025-04-01T07:51:06","modified_gmt":"2025-04-01T07:51:06","slug":"co2-fusabdruck","status":"publish","type":"encyklopedia","link":"https:\/\/wascovilla.pl\/de\/enzyklopadie\/co2-fusabdruck\/","title":{"rendered":"Kohlenstoff-Fu\u00dfabdruck"},"content":{"rendered":"<p><strong>Kohlenstoff-Fu\u00dfabdruck<\/strong> ist die Gesamtmenge der Treibhausgasemissionen. Sie werden in Kohlendioxid-\u00c4quivalenten (CO\u2082e) ausgedr\u00fcckt und entstehen direkt oder indirekt durch eine menschliche T\u00e4tigkeit, Organisation, ein Produkt oder eine Dienstleistung. Sie umfassen Emissionen im Zusammenhang mit Produktion, Transport, Nutzung und Entsorgung. Dabei werden sowohl direkte Quellen (z. B. Brennstoffverbrennung) als auch indirekte Quellen (z. B. Stromverbrauch, Lieferkette) ber\u00fccksichtigt.<\/p>\n\n\n\n<p>Der Kohlenstoff-Fu\u00dfabdruck ist ein wichtiger Indikator f\u00fcr die Umweltauswirkungen. Er bildet die Grundlage f\u00fcr die Entwicklung von Strategien zur Verringerung der Emissionen, unter anderem durch Energieeffizienz, die Nutzung erneuerbarer Energiequellen und nachhaltiges Ressourcenmanagement. In vielen Branchen ist seine \u00dcberwachung und Verringerung im Rahmen von Vorschriften und Klimaverpflichtungen vorgeschrieben.<\/p>","protected":false},"featured_media":4302,"template":"","meta":{"_acf_changed":true},"class_list":["post-4216","encyklopedia","type-encyklopedia","status-publish","has-post-thumbnail","hentry"],"acf":[],"yoast_head":"<!-- This site is optimized with the Yoast SEO plugin v26.7 - https:\/\/yoast.com\/wordpress\/plugins\/seo\/ -->\n<title>\u015alad w\u0119glowy - WascoVilla | Producent dom\u00f3w z drewna | Domy mieszkalne, nowoczesne, modu\u0142owe, domki letniskowe, wi\u0105zary dachowe, izolacje<\/title>\n<meta name=\"description\" content=\"\u015alad w\u0119glowy to ca\u0142kowita ilo\u015b\u0107 emisji gaz\u00f3w cieplarnianych, wyra\u017cona w ekwiwalencie dwutlenku w\u0119gla. Dowiedz si\u0119 wi\u0119cej!\" \/>\n<meta name=\"robots\" content=\"index, follow, max-snippet:-1, max-image-preview:large, max-video-preview:-1\" \/>\n<link rel=\"canonical\" href=\"https:\/\/wascovilla.pl\/de\/enzyklopadie\/co2-fusabdruck\/\" \/>\n<meta property=\"og:locale\" content=\"de_DE\" \/>\n<meta property=\"og:type\" content=\"article\" \/>\n<meta property=\"og:title\" content=\"\u015alad w\u0119glowy - WascoVilla | Producent dom\u00f3w z drewna | Domy mieszkalne, nowoczesne, modu\u0142owe, domki letniskowe, wi\u0105zary dachowe, izolacje\" \/>\n<meta property=\"og:description\" content=\"\u015alad w\u0119glowy to ca\u0142kowita ilo\u015b\u0107 emisji gaz\u00f3w cieplarnianych, wyra\u017cona w ekwiwalencie dwutlenku w\u0119gla. Dowiedz si\u0119 wi\u0119cej!\" \/>\n<meta property=\"og:url\" content=\"https:\/\/wascovilla.pl\/de\/enzyklopadie\/co2-fusabdruck\/\" \/>\n<meta property=\"og:site_name\" content=\"WascoVilla | Producent dom\u00f3w z drewna | Domy mieszkalne, nowoczesne, modu\u0142owe, domki letniskowe, wi\u0105zary dachowe, izolacje\" \/>\n<meta property=\"article:modified_time\" content=\"2025-04-01T07:51:06+00:00\" \/>\n<meta property=\"og:image\" content=\"https:\/\/wascovilla.pl\/wp-content\/uploads\/2025\/03\/Slad-weglowy.png\" \/>\n\t<meta property=\"og:image:width\" content=\"1280\" \/>\n\t<meta property=\"og:image:height\" content=\"720\" \/>\n\t<meta property=\"og:image:type\" content=\"image\/png\" \/>\n<meta name=\"twitter:card\" content=\"summary_large_image\" \/>\n<meta name=\"twitter:label1\" content=\"Gesch\u00e4tzte Lesezeit\" \/>\n\t<meta name=\"twitter:data1\" content=\"1\u00a0Minute\" \/>\n<script type=\"application\/ld+json\" class=\"yoast-schema-graph\">{\"@context\":\"https:\/\/schema.org\",\"@graph\":[{\"@type\":\"WebPage\",\"@id\":\"https:\/\/wascovilla.pl\/encyklopedia\/slad-weglowy\/\",\"url\":\"https:\/\/wascovilla.pl\/encyklopedia\/slad-weglowy\/\",\"name\":\"\u015alad w\u0119glowy - WascoVilla | Producent dom\u00f3w z drewna | Domy mieszkalne, nowoczesne, modu\u0142owe, domki letniskowe, wi\u0105zary dachowe, izolacje\",\"isPartOf\":{\"@id\":\"https:\/\/wascovilla.pl\/#website\"},\"primaryImageOfPage\":{\"@id\":\"https:\/\/wascovilla.pl\/encyklopedia\/slad-weglowy\/#primaryimage\"},\"image\":{\"@id\":\"https:\/\/wascovilla.pl\/encyklopedia\/slad-weglowy\/#primaryimage\"},\"thumbnailUrl\":\"https:\/\/wascovilla.pl\/wp-content\/uploads\/2025\/03\/Slad-weglowy.png\",\"datePublished\":\"2025-03-21T08:23:24+00:00\",\"dateModified\":\"2025-04-01T07:51:06+00:00\",\"description\":\"\u015alad w\u0119glowy to ca\u0142kowita ilo\u015b\u0107 emisji gaz\u00f3w cieplarnianych, wyra\u017cona w ekwiwalencie dwutlenku w\u0119gla. Dowiedz si\u0119 wi\u0119cej!\",\"breadcrumb\":{\"@id\":\"https:\/\/wascovilla.pl\/encyklopedia\/slad-weglowy\/#breadcrumb\"},\"inLanguage\":\"de\",\"potentialAction\":[{\"@type\":\"ReadAction\",\"target\":[\"https:\/\/wascovilla.pl\/encyklopedia\/slad-weglowy\/\"]}]},{\"@type\":\"ImageObject\",\"inLanguage\":\"de\",\"@id\":\"https:\/\/wascovilla.pl\/encyklopedia\/slad-weglowy\/#primaryimage\",\"url\":\"https:\/\/wascovilla.pl\/wp-content\/uploads\/2025\/03\/Slad-weglowy.png\",\"contentUrl\":\"https:\/\/wascovilla.pl\/wp-content\/uploads\/2025\/03\/Slad-weglowy.png\",\"width\":1280,\"height\":720,\"caption\":\"\u0179r\u00f3d\u0142o: Freepik.com\"},{\"@type\":\"BreadcrumbList\",\"@id\":\"https:\/\/wascovilla.pl\/encyklopedia\/slad-weglowy\/#breadcrumb\",\"itemListElement\":[{\"@type\":\"ListItem\",\"position\":1,\"name\":\"Strona g\u0142\u00f3wna\",\"item\":\"https:\/\/wascovilla.pl\/\"},{\"@type\":\"ListItem\",\"position\":2,\"name\":\"\u015alad w\u0119glowy\"}]},{\"@type\":\"WebSite\",\"@id\":\"https:\/\/wascovilla.pl\/#website\",\"url\":\"https:\/\/wascovilla.pl\/\",\"name\":\"WascoVilla | Producent dom\u00f3w z drewna | Domy mieszkalne, nowoczesne, modu\u0142owe, domki letniskowe, wi\u0105zary dachowe, izolacje\",\"description\":\"\",\"publisher\":{\"@id\":\"https:\/\/wascovilla.pl\/#organization\"},\"potentialAction\":[{\"@type\":\"SearchAction\",\"target\":{\"@type\":\"EntryPoint\",\"urlTemplate\":\"https:\/\/wascovilla.pl\/?s={search_term_string}\"},\"query-input\":{\"@type\":\"PropertyValueSpecification\",\"valueRequired\":true,\"valueName\":\"search_term_string\"}}],\"inLanguage\":\"de\"},{\"@type\":\"Organization\",\"@id\":\"https:\/\/wascovilla.pl\/#organization\",\"name\":\"WascoVilla | Producent dom\u00f3w z drewna | Domy mieszkalne, nowoczesne, modu\u0142owe, domki letniskowe, wi\u0105zary dachowe, izolacje\",\"url\":\"https:\/\/wascovilla.pl\/\",\"logo\":{\"@type\":\"ImageObject\",\"inLanguage\":\"de\",\"@id\":\"https:\/\/wascovilla.pl\/#\/schema\/logo\/image\/\",\"url\":\"https:\/\/wascovilla.pl\/wp-content\/uploads\/2024\/06\/logo.jpg\",\"contentUrl\":\"https:\/\/wascovilla.pl\/wp-content\/uploads\/2024\/06\/logo.jpg\",\"width\":282,\"height\":119,\"caption\":\"WascoVilla | Producent dom\u00f3w z drewna | Domy mieszkalne, nowoczesne, modu\u0142owe, domki letniskowe, wi\u0105zary dachowe, izolacje\"},\"image\":{\"@id\":\"https:\/\/wascovilla.pl\/#\/schema\/logo\/image\/\"}}]}<\/script>\n<!-- \/ Yoast SEO plugin. -->","yoast_head_json":{"title":"CO2-Fu\u00dfabdruck - WascoVilla | Hersteller von Holzh\u00e4usern | Wohnh\u00e4user, modern, modular, Chalets, Dachst\u00fchle, Isolierung","description":"Ein Kohlenstoff-Fu\u00dfabdruck ist die Gesamtmenge der Treibhausgasemissionen, ausgedr\u00fcckt in Kohlendioxid-\u00c4quivalenten. Erfahren Sie mehr!","robots":{"index":"index","follow":"follow","max-snippet":"max-snippet:-1","max-image-preview":"max-image-preview:large","max-video-preview":"max-video-preview:-1"},"canonical":"https:\/\/wascovilla.pl\/de\/enzyklopadie\/co2-fusabdruck\/","og_locale":"de_DE","og_type":"article","og_title":"\u015alad w\u0119glowy - WascoVilla | Producent dom\u00f3w z drewna | Domy mieszkalne, nowoczesne, modu\u0142owe, domki letniskowe, wi\u0105zary dachowe, izolacje","og_description":"\u015alad w\u0119glowy to ca\u0142kowita ilo\u015b\u0107 emisji gaz\u00f3w cieplarnianych, wyra\u017cona w ekwiwalencie dwutlenku w\u0119gla. Dowiedz si\u0119 wi\u0119cej!","og_url":"https:\/\/wascovilla.pl\/de\/enzyklopadie\/co2-fusabdruck\/","og_site_name":"WascoVilla | Producent dom\u00f3w z drewna | Domy mieszkalne, nowoczesne, modu\u0142owe, domki letniskowe, wi\u0105zary dachowe, izolacje","article_modified_time":"2025-04-01T07:51:06+00:00","og_image":[{"width":1280,"height":720,"url":"https:\/\/wascovilla.pl\/wp-content\/uploads\/2025\/03\/Slad-weglowy.png","type":"image\/png"}],"twitter_card":"summary_large_image","twitter_misc":{"Gesch\u00e4tzte Lesezeit":"1\u00a0Minute"},"schema":{"@context":"https:\/\/schema.org","@graph":[{"@type":"WebPage","@id":"https:\/\/wascovilla.pl\/encyklopedia\/slad-weglowy\/","url":"https:\/\/wascovilla.pl\/encyklopedia\/slad-weglowy\/","name":"CO2-Fu\u00dfabdruck - WascoVilla | Hersteller von Holzh\u00e4usern | Wohnh\u00e4user, modern, modular, Chalets, Dachst\u00fchle, Isolierung","isPartOf":{"@id":"https:\/\/wascovilla.pl\/#website"},"primaryImageOfPage":{"@id":"https:\/\/wascovilla.pl\/encyklopedia\/slad-weglowy\/#primaryimage"},"image":{"@id":"https:\/\/wascovilla.pl\/encyklopedia\/slad-weglowy\/#primaryimage"},"thumbnailUrl":"https:\/\/wascovilla.pl\/wp-content\/uploads\/2025\/03\/Slad-weglowy.png","datePublished":"2025-03-21T08:23:24+00:00","dateModified":"2025-04-01T07:51:06+00:00","description":"Ein Kohlenstoff-Fu\u00dfabdruck ist die Gesamtmenge der Treibhausgasemissionen, ausgedr\u00fcckt in Kohlendioxid-\u00c4quivalenten. Erfahren Sie mehr!","breadcrumb":{"@id":"https:\/\/wascovilla.pl\/encyklopedia\/slad-weglowy\/#breadcrumb"},"inLanguage":"de","potentialAction":[{"@type":"ReadAction","target":["https:\/\/wascovilla.pl\/encyklopedia\/slad-weglowy\/"]}]},{"@type":"ImageObject","inLanguage":"de","@id":"https:\/\/wascovilla.pl\/encyklopedia\/slad-weglowy\/#primaryimage","url":"https:\/\/wascovilla.pl\/wp-content\/uploads\/2025\/03\/Slad-weglowy.png","contentUrl":"https:\/\/wascovilla.pl\/wp-content\/uploads\/2025\/03\/Slad-weglowy.png","width":1280,"height":720,"caption":"\u0179r\u00f3d\u0142o: Freepik.com"},{"@type":"BreadcrumbList","@id":"https:\/\/wascovilla.pl\/encyklopedia\/slad-weglowy\/#breadcrumb","itemListElement":[{"@type":"ListItem","position":1,"name":"Strona g\u0142\u00f3wna","item":"https:\/\/wascovilla.pl\/"},{"@type":"ListItem","position":2,"name":"\u015alad w\u0119glowy"}]},{"@type":"WebSite","@id":"https:\/\/wascovilla.pl\/#website","url":"https:\/\/wascovilla.pl\/","name":"WascoVilla | Hersteller von Holzh\u00e4usern | Wohnh\u00e4user, moderne, modulare, Ferienh\u00e4user, Dachst\u00fchle, Isolierung","description":"","publisher":{"@id":"https:\/\/wascovilla.pl\/#organization"},"potentialAction":[{"@type":"SearchAction","target":{"@type":"EntryPoint","urlTemplate":"https:\/\/wascovilla.pl\/?s={search_term_string}"},"query-input":{"@type":"PropertyValueSpecification","valueRequired":true,"valueName":"search_term_string"}}],"inLanguage":"de"},{"@type":"Organization","@id":"https:\/\/wascovilla.pl\/#organization","name":"WascoVilla | Hersteller von Holzh\u00e4usern | Wohnh\u00e4user, moderne, modulare, Ferienh\u00e4user, Dachst\u00fchle, Isolierung","url":"https:\/\/wascovilla.pl\/","logo":{"@type":"ImageObject","inLanguage":"de","@id":"https:\/\/wascovilla.pl\/#\/schema\/logo\/image\/","url":"https:\/\/wascovilla.pl\/wp-content\/uploads\/2024\/06\/logo.jpg","contentUrl":"https:\/\/wascovilla.pl\/wp-content\/uploads\/2024\/06\/logo.jpg","width":282,"height":119,"caption":"WascoVilla | Producent dom\u00f3w z drewna | Domy mieszkalne, nowoczesne, modu\u0142owe, domki letniskowe, wi\u0105zary dachowe, izolacje"},"image":{"@id":"https:\/\/wascovilla.pl\/#\/schema\/logo\/image\/"}}]}},"_links":{"self":[{"href":"https:\/\/wascovilla.pl\/de\/wp-json\/wp\/v2\/encyklopedia\/4216","targetHints":{"allow":["GET"]}}],"collection":[{"href":"https:\/\/wascovilla.pl\/de\/wp-json\/wp\/v2\/encyklopedia"}],"about":[{"href":"https:\/\/wascovilla.pl\/de\/wp-json\/wp\/v2\/types\/encyklopedia"}],"wp:featuredmedia":[{"embeddable":true,"href":"https:\/\/wascovilla.pl\/de\/wp-json\/wp\/v2\/media\/4302"}],"wp:attachment":[{"href":"https:\/\/wascovilla.pl\/de\/wp-json\/wp\/v2\/media?parent=4216"}],"curies":[{"name":"wp","href":"https:\/\/api.w.org\/{rel}","templated":true}]}}